{"id":667,"date":"2023-10-16T22:55:28","date_gmt":"2023-10-16T20:55:28","guid":{"rendered":"https:\/\/lactex.pl\/?page_id=667"},"modified":"2023-10-17T22:40:53","modified_gmt":"2023-10-17T20:40:53","slug":"aktualnosci","status":"publish","type":"page","link":"https:\/\/lactex.pl\/en\/aktualnosci\/","title":{"rendered":"News"},"content":{"rendered":"<div data-elementor-type=\"wp-page\" data-elementor-id=\"667\" class=\"elementor elementor-667\" data-elementor-post-type=\"page\">\n\t\t\t\t\t\t\t\t\t<section data-particle_enable=\"false\" data-particle-mobile-disabled=\"false\" class=\"elementor-section elementor-top-section elementor-element elementor-element-0a3948f elementor-section-boxed elementor-section-height-default elementor-section-height-default\" data-id=\"0a3948f\" data-element_type=\"section\">\n\t\t\t\t\t\t<div class=\"elementor-container elementor-column-gap-default\">\n\t\t\t\t\t<div class=\"elementor-column elementor-col-100 elementor-top-column elementor-element elementor-element-046becd\" data-id=\"046becd\" data-element_type=\"column\">\n\t\t\t<div class=\"elementor-widget-wrap elementor-element-populated\">\n\t\t\t\t\t\t\t\t<div class=\"elementor-element elementor-element-9b3cab9 elementor-grid-3 elementor-grid-tablet-2 elementor-grid-mobile-1 elementor-posts--thumbnail-top elementor-card-shadow-yes elementor-posts__hover-gradient elementor-widget elementor-widget-posts\" data-id=\"9b3cab9\" data-element_type=\"widget\" data-settings=\"{&quot;pagination_type&quot;:&quot;load_more_infinite_scroll&quot;,&quot;cards_columns&quot;:&quot;3&quot;,&quot;cards_columns_tablet&quot;:&quot;2&quot;,&quot;cards_columns_mobile&quot;:&quot;1&quot;,&quot;cards_row_gap&quot;:{&quot;unit&quot;:&quot;px&quot;,&quot;size&quot;:35,&quot;sizes&quot;:[]},&quot;cards_row_gap_tablet&quot;:{&quot;unit&quot;:&quot;px&quot;,&quot;size&quot;:&quot;&quot;,&quot;sizes&quot;:[]},&quot;cards_row_gap_mobile&quot;:{&quot;unit&quot;:&quot;px&quot;,&quot;size&quot;:&quot;&quot;,&quot;sizes&quot;:[]},&quot;load_more_spinner&quot;:{&quot;value&quot;:&quot;fas fa-spinner&quot;,&quot;library&quot;:&quot;fa-solid&quot;}}\" data-widget_type=\"posts.cards\">\n\t\t\t\t<div class=\"elementor-widget-container\">\n\t\t\t<link rel=\"stylesheet\" href=\"https:\/\/lactex.pl\/wp-content\/plugins\/elementor-pro\/assets\/css\/widget-posts.min.css\">\t\t<div class=\"elementor-posts-container elementor-posts elementor-posts--skin-cards elementor-grid\">\n\t\t\t\t<article class=\"elementor-post elementor-grid-item post-669 post type-post status-publish format-standard has-post-thumbnail hentry category-bez-kategorii\">\n\t\t\t<div class=\"elementor-post__card\">\n\t\t\t\t<a class=\"elementor-post__thumbnail__link\" href=\"https:\/\/lactex.pl\/en\/gulfood-manufacturing-2021-dubai\/\" ><div class=\"elementor-post__thumbnail\"><img loading=\"lazy\" decoding=\"async\" width=\"300\" height=\"225\" src=\"https:\/\/lactex.pl\/wp-content\/uploads\/2023\/10\/GULFOOD2021-300x225.jpg\" class=\"attachment-medium size-medium wp-image-670\" alt=\"\" srcset=\"https:\/\/lactex.pl\/wp-content\/uploads\/2023\/10\/GULFOOD2021-300x225.jpg 300w, https:\/\/lactex.pl\/wp-content\/uploads\/2023\/10\/GULFOOD2021-16x12.jpg 16w, https:\/\/lactex.pl\/wp-content\/uploads\/2023\/10\/GULFOOD2021.jpg 480w\" sizes=\"auto, (max-width: 300px) 100vw, 300px\" \/><\/div><\/a>\n\t\t\t\t<div class=\"elementor-post__text\">\n\t\t\t\t<h3 class=\"elementor-post__title\">\n\t\t\t<a href=\"https:\/\/lactex.pl\/en\/gulfood-manufacturing-2021-dubai\/\" >\n\t\t\t\tGULFOOD MANUFACTURING 2021, DUBAI\t\t\t<\/a>\n\t\t<\/h3>\n\t\t\t\t<div class=\"elementor-post__excerpt\">\n\t\t\t<p>W dniach 7-9 listopada po raz kolejny uczestniczyli\u015bmy w najwi\u0119kszych targach food &amp; beverage GULFOOD MANUFACTURING 2021, Dubaj. Targi te by\u0142y okazj\u0105 do spotkania si\u0119<\/p>\n\t\t<\/div>\n\t\t\t\t<\/div>\n\t\t\t\t<div class=\"elementor-post__meta-data\">\n\t\t\t\t\t<span class=\"elementor-post-date\">\n\t\t\t2021-11-17\t\t<\/span>\n\t\t\t\t<\/div>\n\t\t\t\t\t<\/div>\n\t\t<\/article>\n\t\t\t\t<article class=\"elementor-post elementor-grid-item post-672 post type-post status-publish format-standard has-post-thumbnail hentry category-bez-kategorii\">\n\t\t\t<div class=\"elementor-post__card\">\n\t\t\t\t<a class=\"elementor-post__thumbnail__link\" href=\"https:\/\/lactex.pl\/en\/anuga-2021-cologne\/\" ><div class=\"elementor-post__thumbnail\"><img loading=\"lazy\" decoding=\"async\" width=\"300\" height=\"225\" src=\"https:\/\/lactex.pl\/wp-content\/uploads\/2021\/11\/anuga-300x225.jpg\" class=\"attachment-medium size-medium wp-image-713\" alt=\"\" srcset=\"https:\/\/lactex.pl\/wp-content\/uploads\/2021\/11\/anuga-300x225.jpg 300w, https:\/\/lactex.pl\/wp-content\/uploads\/2021\/11\/anuga-16x12.jpg 16w, https:\/\/lactex.pl\/wp-content\/uploads\/2021\/11\/anuga.jpg 500w\" sizes=\"auto, (max-width: 300px) 100vw, 300px\" \/><\/div><\/a>\n\t\t\t\t<div class=\"elementor-post__text\">\n\t\t\t\t<h3 class=\"elementor-post__title\">\n\t\t\t<a href=\"https:\/\/lactex.pl\/en\/anuga-2021-cologne\/\" >\n\t\t\t\tANUGA 2021, COLOGNE\t\t\t<\/a>\n\t\t<\/h3>\n\t\t\t\t<div class=\"elementor-post__excerpt\">\n\t\t\t<p>W dniach 9-13 pa\u017adziernika 2021r w Kolonii w Niemczech odby\u0142y si\u0119 targi&nbsp;ANUGA 2021. W tej edycji nie mog\u0142o zabrakn\u0105\u0107 r\u00f3wnie\u017c naszej firmy. Dzi\u0119kujemy za obecno\u015b\u0107<\/p>\n\t\t<\/div>\n\t\t\t\t<\/div>\n\t\t\t\t<div class=\"elementor-post__meta-data\">\n\t\t\t\t\t<span class=\"elementor-post-date\">\n\t\t\t2021-11-16\t\t<\/span>\n\t\t\t\t<\/div>\n\t\t\t\t\t<\/div>\n\t\t<\/article>\n\t\t\t\t<article class=\"elementor-post elementor-grid-item post-674 post type-post status-publish format-standard has-post-thumbnail hentry category-bez-kategorii\">\n\t\t\t<div class=\"elementor-post__card\">\n\t\t\t\t<a class=\"elementor-post__thumbnail__link\" href=\"https:\/\/lactex.pl\/en\/100-kobiet-biznesu\/\" ><div class=\"elementor-post__thumbnail\"><img loading=\"lazy\" decoding=\"async\" width=\"282\" height=\"179\" src=\"https:\/\/lactex.pl\/wp-content\/uploads\/2019\/12\/100-kobiet.png\" class=\"attachment-medium size-medium wp-image-710\" alt=\"\" srcset=\"https:\/\/lactex.pl\/wp-content\/uploads\/2019\/12\/100-kobiet.png 282w, https:\/\/lactex.pl\/wp-content\/uploads\/2019\/12\/100-kobiet-18x12.png 18w\" sizes=\"auto, (max-width: 282px) 100vw, 282px\" \/><\/div><\/a>\n\t\t\t\t<div class=\"elementor-post__text\">\n\t\t\t\t<h3 class=\"elementor-post__title\">\n\t\t\t<a href=\"https:\/\/lactex.pl\/en\/100-kobiet-biznesu\/\" >\n\t\t\t\t&#8222;100 Kobiet Biznesu&#8221;\t\t\t<\/a>\n\t\t<\/h3>\n\t\t\t\t<div class=\"elementor-post__excerpt\">\n\t\t\t<p>Mi\u0142o nam poinformowa\u0107, \u017ce w IX edycji rankingu &#8221; 100 Kobiet Biznesu&#8221; i plebiscytu czytelnik\u00f3w na&nbsp; &nbsp; &nbsp; &#8221; Kobiet\u0119 Biznesu 2019&#8243; Pulsu Biznesu, Pani<\/p>\n\t\t<\/div>\n\t\t\t\t<\/div>\n\t\t\t\t<div class=\"elementor-post__meta-data\">\n\t\t\t\t\t<span class=\"elementor-post-date\">\n\t\t\t2019-12-05\t\t<\/span>\n\t\t\t\t<\/div>\n\t\t\t\t\t<\/div>\n\t\t<\/article>\n\t\t\t\t<article class=\"elementor-post elementor-grid-item post-676 post type-post status-publish format-standard has-post-thumbnail hentry category-bez-kategorii\">\n\t\t\t<div class=\"elementor-post__card\">\n\t\t\t\t<a class=\"elementor-post__thumbnail__link\" href=\"https:\/\/lactex.pl\/en\/zlota-500-liderzy-lubelskiej-gospodarki\/\" ><div class=\"elementor-post__thumbnail\"><img loading=\"lazy\" decoding=\"async\" width=\"300\" height=\"169\" src=\"https:\/\/lactex.pl\/wp-content\/uploads\/2019\/12\/zlota-500-300x169.jpg\" class=\"attachment-medium size-medium wp-image-712\" alt=\"\" srcset=\"https:\/\/lactex.pl\/wp-content\/uploads\/2019\/12\/zlota-500-300x169.jpg 300w, https:\/\/lactex.pl\/wp-content\/uploads\/2019\/12\/zlota-500-18x10.jpg 18w, https:\/\/lactex.pl\/wp-content\/uploads\/2019\/12\/zlota-500.jpg 336w\" sizes=\"auto, (max-width: 300px) 100vw, 300px\" \/><\/div><\/a>\n\t\t\t\t<div class=\"elementor-post__text\">\n\t\t\t\t<h3 class=\"elementor-post__title\">\n\t\t\t<a href=\"https:\/\/lactex.pl\/en\/zlota-500-liderzy-lubelskiej-gospodarki\/\" >\n\t\t\t\tZ\u0141OTA 500- Liderzy Lubelskiej Gospodarki\t\t\t<\/a>\n\t\t<\/h3>\n\t\t\t\t<div class=\"elementor-post__excerpt\">\n\t\t\t<p>W rankingu &#8222;Dziennika Wschodniego&#8221; &#8222;Z\u0141OTA 500 &#8211; Liderzy Lubelskiej Gospodarki&#8221; &#8211; firmy z przychodem do 50 mln z\u0142 zaj\u0119li\u015bmy IX miejsce.<\/p>\n\t\t<\/div>\n\t\t\t\t<\/div>\n\t\t\t\t<div class=\"elementor-post__meta-data\">\n\t\t\t\t\t<span class=\"elementor-post-date\">\n\t\t\t2019-12-04\t\t<\/span>\n\t\t\t\t<\/div>\n\t\t\t\t\t<\/div>\n\t\t<\/article>\n\t\t\t\t<article class=\"elementor-post elementor-grid-item post-680 post type-post status-publish format-standard has-post-thumbnail hentry category-bez-kategorii\">\n\t\t\t<div class=\"elementor-post__card\">\n\t\t\t\t<a class=\"elementor-post__thumbnail__link\" href=\"https:\/\/lactex.pl\/en\/wyroznienie-w-konkursie-o-nagrode-gospodarcza-prezydenta-lublina-2019\/\" ><div class=\"elementor-post__thumbnail\"><img loading=\"lazy\" decoding=\"async\" width=\"300\" height=\"134\" src=\"https:\/\/lactex.pl\/wp-content\/uploads\/2019\/11\/Nagroda_Laureaci2019-01-300x134.png\" class=\"attachment-medium size-medium wp-image-715\" alt=\"\" srcset=\"https:\/\/lactex.pl\/wp-content\/uploads\/2019\/11\/Nagroda_Laureaci2019-01-300x134.png 300w, https:\/\/lactex.pl\/wp-content\/uploads\/2019\/11\/Nagroda_Laureaci2019-01-18x8.png 18w, https:\/\/lactex.pl\/wp-content\/uploads\/2019\/11\/Nagroda_Laureaci2019-01.png 517w\" sizes=\"auto, (max-width: 300px) 100vw, 300px\" \/><\/div><\/a>\n\t\t\t\t<div class=\"elementor-post__text\">\n\t\t\t\t<h3 class=\"elementor-post__title\">\n\t\t\t<a href=\"https:\/\/lactex.pl\/en\/wyroznienie-w-konkursie-o-nagrode-gospodarcza-prezydenta-lublina-2019\/\" >\n\t\t\t\tWyr\u00f3\u017cnienie w konkursie o Nagrod\u0119 Gospodarcz\u0105 Prezydenta Lublina 2019\t\t\t<\/a>\n\t\t<\/h3>\n\t\t\t\t<div class=\"elementor-post__excerpt\">\n\t\t\t<p>Firma LACTEX Sp. z o.o. zosta\u0142a doceniona w konkursie o Nagrod\u0119 Gospodarcz\u0105 Prezydenta Lublina 2019. Podczas uroczystej gali otrzymali\u015bmy wyr\u00f3\u017cnienie w kategorii &#8222;obecno\u015b\u0107 na rynku<\/p>\n\t\t<\/div>\n\t\t\t\t<\/div>\n\t\t\t\t<div class=\"elementor-post__meta-data\">\n\t\t\t\t\t<span class=\"elementor-post-date\">\n\t\t\t2019-11-23\t\t<\/span>\n\t\t\t\t<\/div>\n\t\t\t\t\t<\/div>\n\t\t<\/article>\n\t\t\t\t<article class=\"elementor-post elementor-grid-item post-688 post type-post status-publish format-standard has-post-thumbnail hentry category-bez-kategorii\">\n\t\t\t<div class=\"elementor-post__card\">\n\t\t\t\t<a class=\"elementor-post__thumbnail__link\" href=\"https:\/\/lactex.pl\/en\/saudi-agriculture-2019-and-gulfood-manufacturing-2019-exhibitions\/\" ><div class=\"elementor-post__thumbnail\"><img loading=\"lazy\" decoding=\"async\" width=\"165\" height=\"165\" src=\"https:\/\/lactex.pl\/wp-content\/uploads\/2019\/10\/saudi.png\" class=\"attachment-medium size-medium wp-image-716\" alt=\"\" srcset=\"https:\/\/lactex.pl\/wp-content\/uploads\/2019\/10\/saudi.png 165w, https:\/\/lactex.pl\/wp-content\/uploads\/2019\/10\/saudi-150x150.png 150w, https:\/\/lactex.pl\/wp-content\/uploads\/2019\/10\/saudi-12x12.png 12w\" sizes=\"auto, (max-width: 165px) 100vw, 165px\" \/><\/div><\/a>\n\t\t\t\t<div class=\"elementor-post__text\">\n\t\t\t\t<h3 class=\"elementor-post__title\">\n\t\t\t<a href=\"https:\/\/lactex.pl\/en\/saudi-agriculture-2019-and-gulfood-manufacturing-2019-exhibitions\/\" >\n\t\t\t\tSAUDI AGRICULTURE 2019 and GULFOOD MANUFACTURING 2019 Exhibitions\t\t\t<\/a>\n\t\t<\/h3>\n\t\t\t\t<div class=\"elementor-post__excerpt\">\n\t\t\t<p>LACTEX&nbsp;is proud to announce that we are going to participate both in the&nbsp;SAUDI AGRICULTURE 2019&nbsp;and&nbsp;GULFOOD MANUFACTURING 2019&nbsp;Exhibitions. The shows take place as following:&#8211; SAUDI AGRICULTURE<\/p>\n\t\t<\/div>\n\t\t\t\t<\/div>\n\t\t\t\t<div class=\"elementor-post__meta-data\">\n\t\t\t\t\t<span class=\"elementor-post-date\">\n\t\t\t2019-10-21\t\t<\/span>\n\t\t\t\t<\/div>\n\t\t\t\t\t<\/div>\n\t\t<\/article>\n\t\t\t\t<\/div>\n\t\t\t\t\t<span class=\"e-load-more-spinner\">\n\t\t\t\t<i aria-hidden=\"true\" class=\"fas fa-spinner\"><\/i>\t\t\t<\/span>\n\t\t\n\t\t\t\t<div class=\"e-load-more-anchor\" data-page=\"1\" data-max-page=\"2\" data-next-page=\"https:\/\/lactex.pl\/en\/wp-json\/wp\/v2\/pages\/667\/page\/2\/\"><\/div>\n\t\t\t\t<div class=\"e-load-more-message\"><\/div>\n\t\t\t\t<\/div>\n\t\t\t\t<\/div>\n\t\t\t\t\t<\/div>\n\t\t<\/div>\n\t\t\t\t\t\t\t<\/div>\n\t\t<\/section>\n\t\t\t\t\t\t\t<\/div>","protected":false},"excerpt":{"rendered":"","protected":false},"author":1,"featured_media":0,"parent":0,"menu_order":0,"comment_status":"closed","ping_status":"closed","template":"page-templates\/template-pagebuilder-full-width.php","meta":{"_eb_attr":"","neve_meta_sidebar":"","neve_meta_container":"","neve_meta_enable_content_width":"","neve_meta_content_width":0,"neve_meta_title_alignment":"","neve_meta_author_avatar":"","neve_post_elements_order":"","neve_meta_disable_header":"","neve_meta_disable_footer":"","neve_meta_disable_title":"","footnotes":""},"class_list":["post-667","page","type-page","status-publish","hentry"],"_links":{"self":[{"href":"https:\/\/lactex.pl\/en\/wp-json\/wp\/v2\/pages\/667","targetHints":{"allow":["GET"]}}],"collection":[{"href":"https:\/\/lactex.pl\/en\/wp-json\/wp\/v2\/pages"}],"about":[{"href":"https:\/\/lactex.pl\/en\/wp-json\/wp\/v2\/types\/page"}],"author":[{"embeddable":true,"href":"https:\/\/lactex.pl\/en\/wp-json\/wp\/v2\/users\/1"}],"replies":[{"embeddable":true,"href":"https:\/\/lactex.pl\/en\/wp-json\/wp\/v2\/comments?post=667"}],"version-history":[{"count":5,"href":"https:\/\/lactex.pl\/en\/wp-json\/wp\/v2\/pages\/667\/revisions"}],"predecessor-version":[{"id":738,"href":"https:\/\/lactex.pl\/en\/wp-json\/wp\/v2\/pages\/667\/revisions\/738"}],"wp:attachment":[{"href":"https:\/\/lactex.pl\/en\/wp-json\/wp\/v2\/media?parent=667"}],"curies":[{"name":"wp","href":"https:\/\/api.w.org\/{rel}","templated":true}]}}